{"id":385,"date":"2014-08-18T15:20:59","date_gmt":"2014-08-18T13:20:59","guid":{"rendered":"http:\/\/www.selekta-abbruch.de\/selektwp\/?page_id=385"},"modified":"2018-12-06T11:37:51","modified_gmt":"2018-12-06T09:37:51","slug":"sanierung-schloss-wittenberg","status":"publish","type":"page","link":"https:\/\/www.selekta-abbruch.de\/selektwp\/?page_id=385","title":{"rendered":"F\u00fcrstenhof Bad Eilsen"},"content":{"rendered":"<h5>Entkernung und Schadstoffsanierung (KMF und Asbest)<\/h5>\n<p>Der F\u00fcrstenhof ist Teil des Rehazentrums Bad Eilsen und befindet sich im Zentrum des Ortes. Das denkmalgesch\u00fctzte Geb\u00e4ude soll komplett saniert werden.<\/p>\n<p><a href=\"http:\/\/www.selekta-abbruch.de\/selektwp\/wp-content\/uploads\/f\u00fcrstenhof.jpg\"><img loading=\"lazy\" class=\"alignnone wp-image-768 size-large\" src=\"http:\/\/www.selekta-abbruch.de\/selektwp\/wp-content\/uploads\/f\u00fcrstenhof-1024x576.jpg\" alt=\"\" width=\"720\" height=\"405\" srcset=\"https:\/\/www.selekta-abbruch.de\/selektwp\/wp-content\/uploads\/f\u00fcrstenhof-1024x576.jpg 1024w, https:\/\/www.selekta-abbruch.de\/selektwp\/wp-content\/uploads\/f\u00fcrstenhof-300x169.jpg 300w, https:\/\/www.selekta-abbruch.de\/selektwp\/wp-content\/uploads\/f\u00fcrstenhof.jpg 1200w\" sizes=\"(max-width: 720px) 100vw, 720px\" \/><\/a><\/p>\n<p>Neben umfangreichen Schutzma\u00dfnahmen des Bestandes, vor allem der Fussb\u00f6den ist unsere Hauptaufgabe die Entkernung einzelner Bereiche des Geb\u00e4udes, der R\u00fcckbau von KMF-D\u00e4mmung und asbesthaltigen Rohrmanschetten in Wand- und Deckendurchf\u00fchrungen. Zum Einsatz kommen Unterdruckhalteger\u00e4te und Personalschleusen.<\/p>\n<p>Auftraggeber: Deutsche Rentenversicherung Braunschweig-Hannover<br \/>\nBauleitung: pbr Planungsb\u00fcro Rohling AG<br \/>\nBeginn: August 2017<br \/>\nAuftragssumme: ca. 525.000,- \u20ac<\/p>\n","protected":false},"excerpt":{"rendered":"<p>Entkernung und Schadstoffsanierung (KMF und Asbest) Der F\u00fcrstenhof ist Teil des Rehazentrums Bad Eilsen und befindet sich im Zentrum des Ortes. Das denkmalgesch\u00fctzte Geb\u00e4ude soll komplett saniert werden. Neben umfangreichen Schutzma\u00dfnahmen des Bestandes, vor&#46;&#46;&#46;<\/p>\n","protected":false},"author":1,"featured_media":0,"parent":40,"menu_order":0,"comment_status":"closed","ping_status":"closed","template":"","meta":[],"_links":{"self":[{"href":"https:\/\/www.selekta-abbruch.de\/selektwp\/index.php?rest_route=\/wp\/v2\/pages\/385"}],"collection":[{"href":"https:\/\/www.selekta-abbruch.de\/selektwp\/index.php?rest_route=\/wp\/v2\/pages"}],"about":[{"href":"https:\/\/www.selekta-abbruch.de\/selektwp\/index.php?rest_route=\/wp\/v2\/types\/page"}],"author":[{"embeddable":true,"href":"https:\/\/www.selekta-abbruch.de\/selektwp\/index.php?rest_route=\/wp\/v2\/users\/1"}],"replies":[{"embeddable":true,"href":"https:\/\/www.selekta-abbruch.de\/selektwp\/index.php?rest_route=%2Fwp%2Fv2%2Fcomments&post=385"}],"version-history":[{"count":51,"href":"https:\/\/www.selekta-abbruch.de\/selektwp\/index.php?rest_route=\/wp\/v2\/pages\/385\/revisions"}],"predecessor-version":[{"id":868,"href":"https:\/\/www.selekta-abbruch.de\/selektwp\/index.php?rest_route=\/wp\/v2\/pages\/385\/revisions\/868"}],"up":[{"embeddable":true,"href":"https:\/\/www.selekta-abbruch.de\/selektwp\/index.php?rest_route=\/wp\/v2\/pages\/40"}],"wp:attachment":[{"href":"https:\/\/www.selekta-abbruch.de\/selektwp\/index.php?rest_route=%2Fwp%2Fv2%2Fmedia&parent=385"}],"curies":[{"name":"wp","href":"https:\/\/api.w.org\/{rel}","templated":true}]}}