{"id":40,"date":"2013-11-19T19:06:50","date_gmt":"2013-11-19T17:06:50","guid":{"rendered":"http:\/\/www.selekta-abbruch.de\/selektwp\/?page_id=40"},"modified":"2020-09-20T19:41:56","modified_gmt":"2020-09-20T17:41:56","slug":"aktuelles","status":"publish","type":"page","link":"https:\/\/www.selekta-abbruch.de\/selektwp\/?page_id=40","title":{"rendered":"Ausgew\u00e4hlte Projekte"},"content":{"rendered":"<h4><span style=\"color: #008000;\"><a href=\"http:\/\/www.selekta-abbruch.de\/selektwp\/?page_id=485\">T\u00dcV-Hochhaus K\u00f6ln<br \/>\n<\/a><a style=\"color: #008000;\" href=\"http:\/\/www.selekta-abbruch.de\/selektwp\/wp-content\/uploads\/ekz_nbg800.jpg\"><br \/>\n<\/a><a href=\"http:\/\/www.selekta-abbruch.de\/selektwp\/wp-content\/uploads\/tuevkoeln_baukran.jpg\"><img loading=\"lazy\" class=\"alignnone wp-image-480 size-thumbnail\" src=\"http:\/\/www.selekta-abbruch.de\/selektwp\/wp-content\/uploads\/tuevkoeln_baukran-150x150.jpg\" alt=\"\" width=\"150\" height=\"150\" srcset=\"https:\/\/www.selekta-abbruch.de\/selektwp\/wp-content\/uploads\/tuevkoeln_baukran-150x150.jpg 150w, https:\/\/www.selekta-abbruch.de\/selektwp\/wp-content\/uploads\/tuevkoeln_baukran-160x160.jpg 160w\" sizes=\"(max-width: 150px) 100vw, 150px\" \/><\/a><\/span><\/h4>\n<h4><span style=\"color: #008000;\"><a href=\"http:\/\/www.selekta-abbruch.de\/selektwp\/?page_id=475\">Stadthalle Bayreuth<\/a><\/span><\/h4>\n<p><a href=\"http:\/\/www.selekta-abbruch.de\/selektwp\/wp-content\/uploads\/Bayreuth.jpg\"><img loading=\"lazy\" class=\"alignnone wp-image-759 size-thumbnail\" src=\"http:\/\/www.selekta-abbruch.de\/selektwp\/wp-content\/uploads\/Bayreuth-150x150.jpg\" alt=\"\" width=\"150\" height=\"150\" srcset=\"https:\/\/www.selekta-abbruch.de\/selektwp\/wp-content\/uploads\/Bayreuth-150x150.jpg 150w, https:\/\/www.selekta-abbruch.de\/selektwp\/wp-content\/uploads\/Bayreuth-160x160.jpg 160w\" sizes=\"(max-width: 150px) 100vw, 150px\" \/><\/a><\/p>\n<h4><a href=\"http:\/\/www.selekta-abbruch.de\/selektwp\/?page_id=461\">Franziskaner-Minoritenkloster W\u00fcrzburg<\/a><\/h4>\n<p><a href=\"http:\/\/www.selekta-abbruch.de\/selektwp\/wp-content\/uploads\/Franziskanerkloster.jpg\"><img loading=\"lazy\" class=\"alignnone wp-image-689 size-thumbnail\" src=\"http:\/\/www.selekta-abbruch.de\/selektwp\/wp-content\/uploads\/Franziskanerkloster-150x150.jpg\" alt=\"\" width=\"150\" height=\"150\" srcset=\"https:\/\/www.selekta-abbruch.de\/selektwp\/wp-content\/uploads\/Franziskanerkloster-150x150.jpg 150w, https:\/\/www.selekta-abbruch.de\/selektwp\/wp-content\/uploads\/Franziskanerkloster-160x160.jpg 160w\" sizes=\"(max-width: 150px) 100vw, 150px\" \/><\/a><\/p>\n<h4><span style=\"color: #008000;\"><a href=\"http:\/\/www.selekta-abbruch.de\/selektwp\/?page_id=409\">Stadthalle Karlsruhe<\/a><\/span><\/h4>\n<p><a href=\"http:\/\/www.selekta-abbruch.de\/selektwp\/wp-content\/uploads\/Karlsruhe.jpg\"><img loading=\"lazy\" class=\"alignnone wp-image-763 size-thumbnail\" src=\"http:\/\/www.selekta-abbruch.de\/selektwp\/wp-content\/uploads\/Karlsruhe-150x150.jpg\" alt=\"\" width=\"150\" height=\"150\" srcset=\"https:\/\/www.selekta-abbruch.de\/selektwp\/wp-content\/uploads\/Karlsruhe-150x150.jpg 150w, https:\/\/www.selekta-abbruch.de\/selektwp\/wp-content\/uploads\/Karlsruhe-160x160.jpg 160w\" sizes=\"(max-width: 150px) 100vw, 150px\" \/><\/a><\/p>\n<h4><span style=\"color: #008000;\"><a href=\"http:\/\/www.selekta-abbruch.de\/selektwp\/?page_id=385\">F\u00fcrstenhof Bad Eilsen<\/a><\/span><\/h4>\n<p><a href=\"http:\/\/www.selekta-abbruch.de\/selektwp\/wp-content\/uploads\/f\u00fcrstenhof.jpg\"><img loading=\"lazy\" class=\"alignnone wp-image-768 size-thumbnail\" src=\"http:\/\/www.selekta-abbruch.de\/selektwp\/wp-content\/uploads\/f\u00fcrstenhof-150x150.jpg\" alt=\"\" width=\"150\" height=\"150\" srcset=\"https:\/\/www.selekta-abbruch.de\/selektwp\/wp-content\/uploads\/f\u00fcrstenhof-150x150.jpg 150w, https:\/\/www.selekta-abbruch.de\/selektwp\/wp-content\/uploads\/f\u00fcrstenhof-160x160.jpg 160w\" sizes=\"(max-width: 150px) 100vw, 150px\" \/><\/a><\/p>\n<h4><\/h4>\n","protected":false},"excerpt":{"rendered":"<p>T\u00dcV-Hochhaus K\u00f6ln Stadthalle Bayreuth Franziskaner-Minoritenkloster W\u00fcrzburg Stadthalle Karlsruhe F\u00fcrstenhof Bad Eilsen<\/p>\n","protected":false},"author":1,"featured_media":0,"parent":0,"menu_order":0,"comment_status":"open","ping_status":"open","template":"","meta":[],"_links":{"self":[{"href":"https:\/\/www.selekta-abbruch.de\/selektwp\/index.php?rest_route=\/wp\/v2\/pages\/40"}],"collection":[{"href":"https:\/\/www.selekta-abbruch.de\/selektwp\/index.php?rest_route=\/wp\/v2\/pages"}],"about":[{"href":"https:\/\/www.selekta-abbruch.de\/selektwp\/index.php?rest_route=\/wp\/v2\/types\/page"}],"author":[{"embeddable":true,"href":"https:\/\/www.selekta-abbruch.de\/selektwp\/index.php?rest_route=\/wp\/v2\/users\/1"}],"replies":[{"embeddable":true,"href":"https:\/\/www.selekta-abbruch.de\/selektwp\/index.php?rest_route=%2Fwp%2Fv2%2Fcomments&post=40"}],"version-history":[{"count":97,"href":"https:\/\/www.selekta-abbruch.de\/selektwp\/index.php?rest_route=\/wp\/v2\/pages\/40\/revisions"}],"predecessor-version":[{"id":914,"href":"https:\/\/www.selekta-abbruch.de\/selektwp\/index.php?rest_route=\/wp\/v2\/pages\/40\/revisions\/914"}],"wp:attachment":[{"href":"https:\/\/www.selekta-abbruch.de\/selektwp\/index.php?rest_route=%2Fwp%2Fv2%2Fmedia&parent=40"}],"curies":[{"name":"wp","href":"https:\/\/api.w.org\/{rel}","templated":true}]}}